{"id":172,"date":"2026-04-11T10:39:45","date_gmt":"2026-04-11T10:39:45","guid":{"rendered":"https:\/\/preprod.titlee.fr\/?page_id=172"},"modified":"2026-09-03T21:37:29","modified_gmt":"2026-09-03T21:37:29","slug":"a-propos","status":"publish","type":"page","link":"https:\/\/titlee.fr\/fr\/a-propos\/","title":{"rendered":"A propos"},"content":{"rendered":"\n<figure class=\"wp-block-image size-full\"><img loading=\"lazy\" decoding=\"async\" width=\"2400\" height=\"800\" src=\"https:\/\/titlee.fr\/wp-content\/uploads\/2026\/08\/1-A-propos.jpg\" alt=\"Palette de couleurs et pinceaux sur un bureau d'atelier\" class=\"wp-image-1306\" srcset=\"https:\/\/titlee.fr\/wp-content\/uploads\/2026\/08\/1-A-propos.jpg 2400w, https:\/\/titlee.fr\/wp-content\/uploads\/2026\/08\/1-A-propos-300x100.jpg 300w, https:\/\/titlee.fr\/wp-content\/uploads\/2026\/08\/1-A-propos-1024x341.jpg 1024w, https:\/\/titlee.fr\/wp-content\/uploads\/2026\/08\/1-A-propos-768x256.jpg 768w, https:\/\/titlee.fr\/wp-content\/uploads\/2026\/08\/1-A-propos-1536x512.jpg 1536w, https:\/\/titlee.fr\/wp-content\/uploads\/2026\/08\/1-A-propos-2048x683.jpg 2048w, https:\/\/titlee.fr\/wp-content\/uploads\/2026\/08\/1-A-propos-18x6.jpg 18w, https:\/\/titlee.fr\/wp-content\/uploads\/2026\/08\/1-A-propos-600x200.jpg 600w\" sizes=\"auto, (max-width: 2400px) 100vw, 2400px\" \/><\/figure>\n\n\n\n<div style=\"height:39px\" aria-hidden=\"true\" class=\"wp-block-spacer\"><\/div>\n\n\n\n<div class=\"wp-block-columns is-layout-flex wp-container-core-columns-is-layout-8f761849 wp-block-columns-is-layout-flex\">\n<div class=\"wp-block-column is-layout-flow wp-block-column-is-layout-flow\">\n<h1 class=\"wp-block-heading\">La marque<\/h1>\n\n\n\n<p class=\"wp-block-paragraph\">Des objets \u00e0 porter, \u00e0 offrir ou \u00e0 transmettre.<br><br>Titlee est n\u00e9e il y a plus de vingt ans du regard de S\u00e9verine Balanqueux, cr\u00e9atrice et illustratrice parisienne.<br><br>Depuis, elle y imagine des bijoux et des objets du quotidien o\u00f9 illustration, artisanat et po\u00e9sie se rencontrent. Chaque cr\u00e9ation part d\u2019un dessin, d\u2019une histoire ou d\u2019un d\u00e9tail qui a retenu son attention : un motif aper\u00e7u au d\u00e9tour d\u2019une rue, un livre aim\u00e9, un film, une couleur, une architecture, un souvenir\u2026<br><br>Autant de points de d\u00e9part qui deviennent peu \u00e0 peu des objets \u00e0 porter, \u00e0 offrir ou \u00e0 conserver.<br>Titlee grandit ainsi depuis ses d\u00e9buts : au fil des id\u00e9es, des rencontres et des envies, avec une pr\u00e9f\u00e9rence assum\u00e9e pour les cr\u00e9ations qui traversent le temps plut\u00f4t que pour les tendances qui passent.<\/p>\n<\/div>\n\n\n\n<div class=\"wp-block-column is-layout-flow wp-block-column-is-layout-flow\">\n<figure class=\"wp-block-image size-full\"><img loading=\"lazy\" decoding=\"async\" width=\"880\" height=\"700\" src=\"https:\/\/titlee.fr\/wp-content\/uploads\/2026\/08\/2-A-propos2.jpg\" alt=\"A propos de Titlee\" class=\"wp-image-1319\" srcset=\"https:\/\/titlee.fr\/wp-content\/uploads\/2026\/08\/2-A-propos2.jpg 880w, https:\/\/titlee.fr\/wp-content\/uploads\/2026\/08\/2-A-propos2-300x239.jpg 300w, https:\/\/titlee.fr\/wp-content\/uploads\/2026\/08\/2-A-propos2-768x611.jpg 768w, https:\/\/titlee.fr\/wp-content\/uploads\/2026\/08\/2-A-propos2-15x12.jpg 15w, https:\/\/titlee.fr\/wp-content\/uploads\/2026\/08\/2-A-propos2-600x477.jpg 600w\" sizes=\"auto, (max-width: 880px) 100vw, 880px\" \/><\/figure>\n<\/div>\n<\/div>\n\n\n\n<div class=\"wp-block-columns is-layout-flex wp-container-core-columns-is-layout-8f761849 wp-block-columns-is-layout-flex\">\n<div class=\"wp-block-column is-layout-flow wp-block-column-is-layout-flow\">\n<figure class=\"wp-block-image size-full\"><img loading=\"lazy\" decoding=\"async\" width=\"880\" height=\"700\" src=\"https:\/\/titlee.fr\/wp-content\/uploads\/2026\/08\/3-A-propos2.jpg\" alt=\"A propos de Titlee Paris\" class=\"wp-image-1320\" srcset=\"https:\/\/titlee.fr\/wp-content\/uploads\/2026\/08\/3-A-propos2.jpg 880w, https:\/\/titlee.fr\/wp-content\/uploads\/2026\/08\/3-A-propos2-300x239.jpg 300w, https:\/\/titlee.fr\/wp-content\/uploads\/2026\/08\/3-A-propos2-768x611.jpg 768w, https:\/\/titlee.fr\/wp-content\/uploads\/2026\/08\/3-A-propos2-15x12.jpg 15w, https:\/\/titlee.fr\/wp-content\/uploads\/2026\/08\/3-A-propos2-600x477.jpg 600w\" sizes=\"auto, (max-width: 880px) 100vw, 880px\" \/><\/figure>\n<\/div>\n\n\n\n<div class=\"wp-block-column is-layout-flow wp-block-column-is-layout-flow\">\n<h1 class=\"wp-block-heading\">Une histoire de regard<\/h1>\n\n\n\n<p class=\"wp-block-paragraph\">Titlee est n\u00e9e du dessin.<br><br>Avant d\u2019\u00eatre un bijou, chaque cr\u00e9ation commence souvent par un trait de crayon. Dessiner permet de regarder les choses un peu plus longtemps, d\u2019isoler un d\u00e9tail, une forme, une silhouette, parfois quelque chose que l\u2019on aurait pu ne pas remarquer.<br><br>L\u2019illustration reste aujourd\u2019hui au c\u0153ur du travail de S\u00e9verine et de sa mani\u00e8re d\u2019imaginer les collections. Elle nourrit aussi les cartes, carnets, affiches et objets qui trouvent leur place dans l\u2019univers de Titlee.<\/p>\n<\/div>\n<\/div>\n\n\n\n<div class=\"wp-block-columns is-layout-flex wp-container-core-columns-is-layout-8f761849 wp-block-columns-is-layout-flex\">\n<div class=\"wp-block-column is-layout-flow wp-block-column-is-layout-flow\">\n<h1 class=\"wp-block-heading\">Cr\u00e9er\u2026 et choisir<\/h1>\n\n\n\n<p class=\"wp-block-paragraph\">Avec le temps, l\u2019univers de Titlee s\u2019est \u00e9largi \u00e0 des objets imagin\u00e9s par d\u2019autres.<br><br>Des jeux de cartes, de la papeterie, des livres, des affiches ou de petits objets crois\u00e9s au fil des d\u00e9couvertes et que S\u00e9verine aurait tout simplement eu envie de rapporter chez elle.<br>La s\u00e9lection est forc\u00e9ment personnelle. Elle \u00e9volue au gr\u00e9 des rencontres, des voyages, des lectures et des enthousiasmes du moment.<br><br>Il ne s\u2019agit pas de tout montrer ni de tout vendre. Seulement de partager quelques objets qui ont r\u00e9ussi \u00e0 retenir l\u2019attention.<\/p>\n<\/div>\n\n\n\n<div class=\"wp-block-column is-layout-flow wp-block-column-is-layout-flow\">\n<figure class=\"wp-block-image size-full\"><img loading=\"lazy\" decoding=\"async\" width=\"880\" height=\"700\" src=\"https:\/\/titlee.fr\/wp-content\/uploads\/2026\/08\/4-A-propos2.jpg\" alt=\"A propos de Titlee Paris\" class=\"wp-image-1321\" srcset=\"https:\/\/titlee.fr\/wp-content\/uploads\/2026\/08\/4-A-propos2.jpg 880w, https:\/\/titlee.fr\/wp-content\/uploads\/2026\/08\/4-A-propos2-300x239.jpg 300w, https:\/\/titlee.fr\/wp-content\/uploads\/2026\/08\/4-A-propos2-768x611.jpg 768w, https:\/\/titlee.fr\/wp-content\/uploads\/2026\/08\/4-A-propos2-15x12.jpg 15w, https:\/\/titlee.fr\/wp-content\/uploads\/2026\/08\/4-A-propos2-600x477.jpg 600w\" sizes=\"auto, (max-width: 880px) 100vw, 880px\" \/><\/figure>\n<\/div>\n<\/div>\n\n\n\n<div class=\"wp-block-columns is-layout-flex wp-container-core-columns-is-layout-8f761849 wp-block-columns-is-layout-flex\">\n<div class=\"wp-block-column is-layout-flow wp-block-column-is-layout-flow\">\n<figure class=\"wp-block-image size-full\"><img loading=\"lazy\" decoding=\"async\" width=\"880\" height=\"700\" src=\"https:\/\/titlee.fr\/wp-content\/uploads\/2026\/08\/5-A-propos2.jpg\" alt=\"A propos de Titlee Paris\" class=\"wp-image-1322\" srcset=\"https:\/\/titlee.fr\/wp-content\/uploads\/2026\/08\/5-A-propos2.jpg 880w, https:\/\/titlee.fr\/wp-content\/uploads\/2026\/08\/5-A-propos2-300x239.jpg 300w, https:\/\/titlee.fr\/wp-content\/uploads\/2026\/08\/5-A-propos2-768x611.jpg 768w, https:\/\/titlee.fr\/wp-content\/uploads\/2026\/08\/5-A-propos2-15x12.jpg 15w, https:\/\/titlee.fr\/wp-content\/uploads\/2026\/08\/5-A-propos2-600x477.jpg 600w\" sizes=\"auto, (max-width: 880px) 100vw, 880px\" \/><\/figure>\n<\/div>\n\n\n\n<div class=\"wp-block-column is-layout-flow wp-block-column-is-layout-flow\">\n<h1 class=\"wp-block-heading\">Le temps comme parti pris<\/h1>\n\n\n\n<p class=\"wp-block-paragraph\">Chez Titlee, les choses ont tendance \u00e0 prendre leur temps.<br><br>Les bijoux sont produits en petites s\u00e9ries. Certains restent plusieurs ann\u00e9es au catalogue, parfois beaucoup plus, parce qu\u2019une cr\u00e9ation qui fonctionne n\u2019a pas forc\u00e9ment besoin d\u2019\u00eatre remplac\u00e9e par une autre \u00e0 la saison suivante.<br><br>Les collections \u00e9voluent ainsi doucement : un nouveau dessin appara\u00eet, une couleur change, une forme revient.<br><br>Ce rythme laisse aussi le temps de dessiner, de fabriquer, de recommencer lorsque c\u2019est n\u00e9cessaire et de travailler avec des ateliers et des artisans que S\u00e9verine conna\u00eet souvent depuis de nombreuses ann\u00e9es.<\/p>\n<\/div>\n<\/div>\n\n\n\n<div class=\"wp-block-columns is-layout-flex wp-container-core-columns-is-layout-8f761849 wp-block-columns-is-layout-flex\">\n<div class=\"wp-block-column is-layout-flow wp-block-column-is-layout-flow\">\n<h1 class=\"wp-block-heading\">Fabriquer avec soin<\/h1>\n\n\n\n<p class=\"wp-block-paragraph\">Les bijoux Titlee sont fabriqu\u00e9s en petites s\u00e9ries avec des ateliers partenaires fran\u00e7ais sp\u00e9cialis\u00e9s dans leur m\u00e9tier.<br><br>D\u00e9coupe, soudure, dorure, \u00e9maillage : chaque \u00e9tape passe entre les mains d\u2019artisans avec lesquels une relation de confiance s\u2019est construite au fil du temps.<br><br>Le montage final est r\u00e9alis\u00e9 dans l\u2019atelier Titlee \u00e0 Paris.<br>Une mani\u00e8re de rester proche des objets, jusque dans les derniers gestes.<\/p>\n<\/div>\n\n\n\n<div class=\"wp-block-column is-layout-flow wp-block-column-is-layout-flow\">\n<figure class=\"wp-block-image size-full\"><img loading=\"lazy\" decoding=\"async\" width=\"880\" height=\"700\" src=\"https:\/\/titlee.fr\/wp-content\/uploads\/2026\/08\/6-A-propos2.jpg\" alt=\"A propos de Titlee Paris\" class=\"wp-image-1323\" srcset=\"https:\/\/titlee.fr\/wp-content\/uploads\/2026\/08\/6-A-propos2.jpg 880w, https:\/\/titlee.fr\/wp-content\/uploads\/2026\/08\/6-A-propos2-300x239.jpg 300w, https:\/\/titlee.fr\/wp-content\/uploads\/2026\/08\/6-A-propos2-768x611.jpg 768w, https:\/\/titlee.fr\/wp-content\/uploads\/2026\/08\/6-A-propos2-15x12.jpg 15w, https:\/\/titlee.fr\/wp-content\/uploads\/2026\/08\/6-A-propos2-600x477.jpg 600w\" sizes=\"auto, (max-width: 880px) 100vw, 880px\" \/><\/figure>\n<\/div>\n<\/div>\n\n\n\n<div class=\"wp-block-columns is-layout-flex wp-container-core-columns-is-layout-8f761849 wp-block-columns-is-layout-flex\">\n<div class=\"wp-block-column is-layout-flow wp-block-column-is-layout-flow\">\n<figure class=\"wp-block-image size-full\"><img loading=\"lazy\" decoding=\"async\" width=\"880\" height=\"700\" src=\"https:\/\/titlee.fr\/wp-content\/uploads\/2026\/08\/7-A-propos2-1.jpg\" alt=\"A propos de Titlee Paris - Portrait de S\u00e9verine Balanqueux\" class=\"wp-image-1338\" srcset=\"https:\/\/titlee.fr\/wp-content\/uploads\/2026\/08\/7-A-propos2-1.jpg 880w, https:\/\/titlee.fr\/wp-content\/uploads\/2026\/08\/7-A-propos2-1-300x239.jpg 300w, https:\/\/titlee.fr\/wp-content\/uploads\/2026\/08\/7-A-propos2-1-768x611.jpg 768w, https:\/\/titlee.fr\/wp-content\/uploads\/2026\/08\/7-A-propos2-1-15x12.jpg 15w, https:\/\/titlee.fr\/wp-content\/uploads\/2026\/08\/7-A-propos2-1-600x477.jpg 600w\" sizes=\"auto, (max-width: 880px) 100vw, 880px\" \/><\/figure>\n<\/div>\n\n\n\n<div class=\"wp-block-column is-layout-flow wp-block-column-is-layout-flow\">\n<h1 class=\"wp-block-heading\">Plus qu\u2019une collection<\/h1>\n\n\n\n<p class=\"wp-block-paragraph\">Titlee est une maison ind\u00e9pendante, mais son univers ne se construit pas tout seul.<br><br>Il y a S\u00e9verine Balanqueux et ses dessins, bien s\u00fbr. Mais aussi des artisans, des photographes, des illustrateurs, des imprimeurs, des doreurs, des fa\u00e7onniers et des partenaires fid\u00e8les qui accompagnent Titlee depuis parfois tr\u00e8s longtemps.<br><br>Et puis il y a tout ce qui nourrit le reste : les livres pos\u00e9s sur un bureau, le cin\u00e9ma, les voyages, une enseigne aper\u00e7ue dans une rue, une photographie, Snoopy, un emballage japonais, une couleur improbable ou un objet dont personne n\u2019avait vraiment besoin mais dont il devient soudain tr\u00e8s difficile de se passer.<br><br>C\u2019est probablement l\u00e0 que se trouve le fil conducteur de Titlee : regarder, choisir, dessiner et fabriquer des objets qui racontent quelque chose. Avec l\u2019espoir qu\u2019ils trouvent ensuite leur place dans votre quotidien, accompagnent un moment important, fassent sourire quelqu\u2019un ou deviennent, avec le temps, ces petites choses que l\u2019on garde sans toujours savoir pourquoi.<\/p>\n<\/div>\n<\/div>\n\n\n\n<p class=\"wp-block-paragraph\" style=\"font-size:13px;font-style:italic\">Photographies : \u00a9 Agathe Perrin, Olivier Balanqueux &amp; archives Titlee.<\/p>\n","protected":false},"excerpt":{"rendered":"<p>La marque Des objets \u00e0 porter, \u00e0 offrir ou \u00e0 transmettre. Titlee est n\u00e9e il y a plus de vingt ans du regard de S\u00e9verine Balanqueux, cr\u00e9atrice et illustratrice parisienne. Depuis, elle y imagine des bijoux et des objets du quotidien o\u00f9 illustration, artisanat et po\u00e9sie se rencontrent. Chaque cr\u00e9ation part d\u2019un dessin, d\u2019une histoire&hellip;<\/p>\n","protected":false},"author":2,"featured_media":0,"parent":0,"menu_order":0,"comment_status":"closed","ping_status":"closed","template":"","meta":{"footnotes":""},"class_list":["post-172","page","type-page","status-publish","hentry"],"_links":{"self":[{"href":"https:\/\/titlee.fr\/fr\/wp-json\/wp\/v2\/pages\/172","targetHints":{"allow":["GET"]}}],"collection":[{"href":"https:\/\/titlee.fr\/fr\/wp-json\/wp\/v2\/pages"}],"about":[{"href":"https:\/\/titlee.fr\/fr\/wp-json\/wp\/v2\/types\/page"}],"author":[{"embeddable":true,"href":"https:\/\/titlee.fr\/fr\/wp-json\/wp\/v2\/users\/2"}],"replies":[{"embeddable":true,"href":"https:\/\/titlee.fr\/fr\/wp-json\/wp\/v2\/comments?post=172"}],"version-history":[{"count":15,"href":"https:\/\/titlee.fr\/fr\/wp-json\/wp\/v2\/pages\/172\/revisions"}],"predecessor-version":[{"id":1791,"href":"https:\/\/titlee.fr\/fr\/wp-json\/wp\/v2\/pages\/172\/revisions\/1791"}],"wp:attachment":[{"href":"https:\/\/titlee.fr\/fr\/wp-json\/wp\/v2\/media?parent=172"}],"curies":[{"name":"wp","href":"https:\/\/api.w.org\/{rel}","templated":true}]}}